{"version":"1.0","provider_name":"The Region","provider_url":"https:\/\/connectingregion.com\/sl\/","author_name":"Jovan","author_url":"https:\/\/connectingregion.com\/sl\/author\/jovan\/","title":"Slovenija zmanj\u0161uje \u0161tevilo parkirnih mest na prelazu Vr\u0161i\u010d - The Region","type":"rich","width":600,"height":338,"html":"<blockquote class=\"wp-embedded-content\" data-secret=\"uWPKVTgGAg\"><a href=\"https:\/\/connectingregion.com\/sl\/novice\/slovenija-zmanjsuje-stevilo-parkirnih-mest-na-prelazu-vrsic\/\">Slovenija zmanj\u0161uje \u0161tevilo parkirnih mest na prelazu Vr\u0161i\u010d<\/a><\/blockquote><iframe sandbox=\"allow-scripts\" security=\"restricted\" src=\"https:\/\/connectingregion.com\/sl\/novice\/slovenija-zmanjsuje-stevilo-parkirnih-mest-na-prelazu-vrsic\/embed\/#?secret=uWPKVTgGAg\" width=\"600\" height=\"338\" title=\"&#8220;Slovenija zmanj\u0161uje \u0161tevilo parkirnih mest na prelazu Vr\u0161i\u010d&#8221; &#8212; The Region\" data-secret=\"uWPKVTgGAg\" frameborder=\"0\" marginwidth=\"0\" marginheight=\"0\" scrolling=\"no\" class=\"wp-embedded-content\"><\/iframe><script>\n\/*! This file is auto-generated *\/\n!function(d,l){\"use strict\";l.querySelector&&d.addEventListener&&\"undefined\"!=typeof URL&&(d.wp=d.wp||{},d.wp.receiveEmbedMessage||(d.wp.receiveEmbedMessage=function(e){var t=e.data;if((t||t.secret||t.message||t.value)&&!\/[^a-zA-Z0-9]\/.test(t.secret)){for(var s,r,n,a=l.querySelectorAll('iframe[data-secret=\"'+t.secret+'\"]'),o=l.querySelectorAll('blockquote[data-secret=\"'+t.secret+'\"]'),c=new RegExp(\"^https?:$\",\"i\"),i=0;i<o.length;i++)o[i].style.display=\"none\";for(i=0;i<a.length;i++)s=a[i],e.source===s.contentWindow&&(s.removeAttribute(\"style\"),\"height\"===t.message?(1e3<(r=parseInt(t.value,10))?r=1e3:~~r<200&&(r=200),s.height=r):\"link\"===t.message&&(r=new URL(s.getAttribute(\"src\")),n=new URL(t.value),c.test(n.protocol))&&n.host===r.host&&l.activeElement===s&&(d.top.location.href=t.value))}},d.addEventListener(\"message\",d.wp.receiveEmbedMessage,!1),l.addEventListener(\"DOMContentLoaded\",function(){for(var e,t,s=l.querySelectorAll(\"iframe.wp-embedded-content\"),r=0;r<s.length;r++)(t=(e=s[r]).getAttribute(\"data-secret\"))||(t=Math.random().toString(36).substring(2,12),e.src+=\"#?secret=\"+t,e.setAttribute(\"data-secret\",t)),e.contentWindow.postMessage({message:\"ready\",secret:t},\"*\")},!1)))}(window,document);\n\/\/# sourceURL=https:\/\/connectingregion.com\/wp-includes\/js\/wp-embed.min.js\n<\/script>\n","thumbnail_url":"https:\/\/connectingregion.com\/wp-content\/uploads\/2026\/09\/Vrsic-shutterstock_2433200065.jpg","thumbnail_width":1200,"thumbnail_height":800,"description":"Vendar je zmogljivost zmanj\u0161ana na vsega 80 parkirnih mest za avtomobile, tri za invalide, dve za avtobuse in 24 za motorna kolesa, kar je pribli\u017eno tretjina prej\u0161nje zmogljivosti. Parkiranje bo do konca leta 2026 ostalo brezpla\u010dno, v prihodnje pa je predvidena uvedba parkirnine. Pristojni so po nasprotovanju doma\u010dinov, pohodnikov in oskrbnikov planinskih ko\u010d opustili prej\u0161nji [&hellip;]"}