{"version":"1.0","provider_name":"The Region","provider_url":"https:\/\/connectingregion.com\/sl\/","author_name":"Jovan","author_url":"https:\/\/connectingregion.com\/sl\/author\/jovan\/","title":"Beograd zaznamuje 65 let Gibanja neuvr\u0161\u010denih - The Region","type":"rich","width":600,"height":338,"html":"<blockquote class=\"wp-embedded-content\" data-secret=\"eERMMJWIal\"><a href=\"https:\/\/connectingregion.com\/sl\/novice\/beograd-zaznamuje-65-let-gibanja-neuvrscenih\/\">Beograd zaznamuje 65 let Gibanja neuvr\u0161\u010denih<\/a><\/blockquote><iframe sandbox=\"allow-scripts\" security=\"restricted\" src=\"https:\/\/connectingregion.com\/sl\/novice\/beograd-zaznamuje-65-let-gibanja-neuvrscenih\/embed\/#?secret=eERMMJWIal\" width=\"600\" height=\"338\" title=\"&#8220;Beograd zaznamuje 65 let Gibanja neuvr\u0161\u010denih&#8221; &#8212; The Region\" data-secret=\"eERMMJWIal\" frameborder=\"0\" marginwidth=\"0\" marginheight=\"0\" scrolling=\"no\" class=\"wp-embedded-content\"><\/iframe><script>\n\/*! This file is auto-generated *\/\n!function(d,l){\"use strict\";l.querySelector&&d.addEventListener&&\"undefined\"!=typeof URL&&(d.wp=d.wp||{},d.wp.receiveEmbedMessage||(d.wp.receiveEmbedMessage=function(e){var t=e.data;if((t||t.secret||t.message||t.value)&&!\/[^a-zA-Z0-9]\/.test(t.secret)){for(var s,r,n,a=l.querySelectorAll('iframe[data-secret=\"'+t.secret+'\"]'),o=l.querySelectorAll('blockquote[data-secret=\"'+t.secret+'\"]'),c=new RegExp(\"^https?:$\",\"i\"),i=0;i<o.length;i++)o[i].style.display=\"none\";for(i=0;i<a.length;i++)s=a[i],e.source===s.contentWindow&&(s.removeAttribute(\"style\"),\"height\"===t.message?(1e3<(r=parseInt(t.value,10))?r=1e3:~~r<200&&(r=200),s.height=r):\"link\"===t.message&&(r=new URL(s.getAttribute(\"src\")),n=new URL(t.value),c.test(n.protocol))&&n.host===r.host&&l.activeElement===s&&(d.top.location.href=t.value))}},d.addEventListener(\"message\",d.wp.receiveEmbedMessage,!1),l.addEventListener(\"DOMContentLoaded\",function(){for(var e,t,s=l.querySelectorAll(\"iframe.wp-embedded-content\"),r=0;r<s.length;r++)(t=(e=s[r]).getAttribute(\"data-secret\"))||(t=Math.random().toString(36).substring(2,12),e.src+=\"#?secret=\"+t,e.setAttribute(\"data-secret\",t)),e.contentWindow.postMessage({message:\"ready\",secret:t},\"*\")},!1)))}(window,document);\n\/\/# sourceURL=https:\/\/connectingregion.com\/wp-includes\/js\/wp-embed.min.js\n<\/script>\n","thumbnail_url":"https:\/\/connectingregion.com\/wp-content\/uploads\/2026\/09\/Belgrade-Non-Aligned-Movement.jpg","thumbnail_width":1200,"thumbnail_height":800,"description":"Beograd je 1. septembra gostil spominsko sre\u010danje na visoki ravni ob 65. obletnici prve konference Gibanja neuvr\u0161\u010denih, ki je v Pala\u010di Srbija zbralo vodje delegacij iz 36 dr\u017eav. Sre\u010danje sta odprla srbski predsednik Aleksandar Vu\u010di\u0107 in podpredsednica Ugande Jessica Alupo, katere dr\u017eava trenutno predseduje Gibanju neuvr\u0161\u010denih. Srbski zunanji minister Marko \u0110uri\u0107 je udele\u017eencem izrekel dobrodo\u0161lico [&hellip;]"}